{"id":19038,"date":"2024-06-16T14:28:02","date_gmt":"2024-06-16T14:28:02","guid":{"rendered":"https:\/\/org.wwoof.it\/eventi\/challenge-naturalmente-locale\/"},"modified":"2024-06-16T15:18:03","modified_gmt":"2024-06-16T15:18:03","slug":"challenge-naturalmente-locale","status":"publish","type":"mec-events","link":"https:\/\/org.wwoof.it\/it\/eventi\/challenge-naturalmente-locale\/","title":{"rendered":"CHAlleNGE &#8211; Naturalmente locale"},"content":{"rendered":"<div class=\"xdj266r x11i5rnm xat24cr x1mh8g0r x1vvkbs x126k92a\">\n<div dir=\"auto\"><\/div>\n<\/div>\n<div class=\"x11i5rnm xat24cr x1mh8g0r x1vvkbs xtlvy1s x126k92a\">\n<div dir=\"auto\"><\/div>\n<\/div>\n<div dir=\"auto\">\n<p align=\"center\"><span style=\"color: #4472c4;\"><span style=\"font-size: large;\">Festival Challenge\/Naturalmente Locale<\/span><\/span><\/p>\n<p align=\"center\"><span style=\"font-size: large;\"><b>Parco della Ex-Vetreria<\/b><\/span> <span style=\"font-size: large;\"><b>(Pirri)<\/b><\/span><\/p>\n<p align=\"center\"><span style=\"font-size: large;\"><b>22-23 giugno<\/b><\/span> <span style=\"font-size: large;\"><b>2024<\/b><\/span><\/p>\n<p align=\"center\"><span style=\"color: #4472c4;\"><span style=\"font-size: large;\">Programma<\/span><\/span><\/p>\n<p align=\"center\"><span style=\"font-size: large;\"><u><b>Sabato 22 giugno<\/b><\/u><\/span><\/p>\n<p align=\"justify\"><b>Mattino<\/b><\/p>\n<p align=\"justify\">Ore 9.30 Inaugurazione evento e apertura al pubblico del<span style=\"color: #000000;\"> Padiglione con <\/span><span style=\"color: #000000;\"><b>stand di prodotti locali<\/b><\/span><span style=\"color: #000000;\"> alimentari e artigianali (saluti, introduzione evento).<\/span><\/p>\n<p align=\"justify\">Ore 10.00 &#8211; 11.15 <u>Economia Circolare, soluzioni circolari: esperienze virtuose in Sardegna contro lo spreco alimentare<\/u><\/p>\n<p align=\"justify\">Dialogano <i>Isabella Ligia<\/i>, Citt\u00e0 Metropolitana di Cagliari &#8211; Piano del cibo, Paola Ugas (Laore), <i>Sara Porru<\/i> (Comune di Nuoro, coordinatrice progetto SchoolFood4Change);<span style=\"color: #ffffff;\"><i>),<\/i><\/span><i>Gianluca Matta <\/i>(VIDA &#8211; Sardegna Soccorso Oristano ODV), modera <i>Ramona Bavassano<\/i>.<\/p>\n<p align=\"justify\">Ore 11.30- 13.00 <u>Nuovi modelli di distribuzione, consumo e di comunit\u00e0.<\/u><\/p>\n<p align=\"justify\">Secondo incontro nazionale di R.I.C.C.A. (Rete Italiana delle Cooperative di Consumo Autogestite). Partecipano Camilla (Bologna), Mesa Noa (Cagliari), OltreFood Coop (Parma), Stadera (Ravenna), Le Vie dell\u2019Orto (Grosseto), Edera (Trento), L\u2019Alveare (Conegliano), modera <i>Daniel Tarozzi<\/i>.<\/p>\n<p align=\"justify\"><b>Pomeriggio<\/b><\/p>\n<p align=\"justify\"><span style=\"color: #000000;\"><span lang=\"en-IT\">Ore 15.45- 17.15 Reportage tratto dal documentario <em>Food Coop<\/em> e\u00a0 presentazione Mesa Noa<\/span><\/span><\/p>\n<p align=\"justify\">Ore 17.30-19.00 <u>Il settore agroalimentare in Sardegna tra dipendenza dall\u2019import, abbandono delle campagne e progetti di riutilizzo dei terreni agricoli a fini energetici<\/u>. Dialogano <i>Daniela Spano<\/i> (Agris), <i>Debora Porr\u00e0<\/i> (Sindaca di Villamassargia), <i>Maurizio Onnis<\/i> (Sindaco di Villanovaforru),<i> Emilio Ghiani<\/i> (Universit\u00e0 di Cagliari), modera <i>Francesco Misson<\/i>i.<\/p>\n<p align=\"justify\">Ore 19.30- 21.00 Proiezione documentario <u>The Challenge: la crisi climatica e la risposta dell&#8217;agroecologia in Sahe<\/u>l<i>, <\/i>presentazione a cura di <i>Susanna Debenedetti<\/i> (Deafal). seguir\u00e0 una discussione su: \u201c<u>Politiche del cibo e ruolo dell\u2019economia contadina in Africa<\/u>\u201d. Dialogano: <i>Piero Confalonieri<\/i> (Terra Nuova), <i>Maurizio Mulas<\/i> (Universit\u00e0 di Sassari); Modera <i>Paola De Meo<\/i>.<\/p>\n<p align=\"justify\">Ore 21.30 Chiusura in musica con Dj set a cura di Maurizio Fois.<\/p>\n<p align=\"center\"><span style=\"font-size: large;\"><u><b>Domenica 23 giugno<\/b><\/u><\/span><\/p>\n<p align=\"justify\"><b>Mattino<\/b><\/p>\n<p align=\"justify\">Ore 10.30- 11.30 <u><a href=\"https:\/\/docs.google.com\/document\/d\/1JUF6SZ2eHcrgFdIoKwPgaN4P2tJX5BRezdYbiXmbUcw\/edit?usp=sharing\">Coltivazioni Idroponiche<\/a>\u201d: il futuro dell\u2019agricoltura sostenibile?<\/u><\/p>\n<p align=\"justify\"><i>Lorenzo Franchini<\/i> (consulente di \u201c<i>Vertical Farming\u201d<\/i>), <i>Barbara Pisano<\/i> (Agris), <i>Davide Ardu<\/i> (produttore agricolo), <em>Alessio Pilloni<\/em> (innovation broker presso l&#8217;hub Agritech) Modera prof. <em>Marco Cossu<\/em> (Ingegnere Agraria, professore del dipartimento dell&#8217;agricoltura all&#8217;universit\u00e0 di studi di Sassari)<\/p>\n<p align=\"justify\"><span style=\"color: #000000;\"><span lang=\"en-IT\">Ore 11.30-13.00\u00a0 <\/span><\/span><span style=\"color: #000000;\"><span lang=\"en-IT\"><u>Educazione alla Cittadinanza Globale: quale opportunit\u00e0 per societ\u00e0 pi\u00f9 solidali e inclusive<\/u><\/span><\/span><span style=\"color: #000000;\"><span lang=\"en-IT\">. Scambio di esperienze tra gli attori sardi coinvolti in progetti nel settore ambientale nel quadro del Bando Educazione alla Cittadinanza Globale (ECG ), finanziato dall\u2019Agenzia Italiana per la Cooperazione allo Sviluppo (aics). Saranno presenti I rappresentanti di Osvic, Terra Nuova, CISV Sardegna, AICS e della Regione Autonoma della Sardegna.<\/span><\/span><\/p>\n<p align=\"justify\"><b>Pomeriggio<\/b><\/p>\n<p align=\"justify\">Ore 15.30- 16.30 Proiezione del documentario: \u201cDagli scarti Nascon Tesori\u201d dei <i>Cada Die Teatro.<\/i><\/p>\n<p align=\"justify\">Ore 16.30-17.30 Discussione intorno al libro \u201c<u>Il nostro cibo. Per la sovranit\u00e0 alimentare della Sardegna<\/u>\u201d. <i>Fabio Parascandolo<\/i> (geografo), <i>Maurizio Fadda<\/i> (agronomo). Presenta <i>Paola De Meo<\/i>.<\/p>\n<p align=\"justify\">Ore 17.30-18.30 <u>&#8220;Monte Urpinu a Cagliari, un cammino virtuoso: da cava estrattiva, a discarica illegale, a foresta del cibo\u201d<\/u>, ne parlano <i>Paolo Erasmo<\/i> e <i>Sandra Marcias<\/i>, Associazione <i>AmiciNaturalmente<\/i>.<\/p>\n<p align=\"justify\">Ore 18.15- 20.30 Proiezione del documentario <em>Mesa Noa<\/em> di <em>Daniele Atzeni<\/em><\/p>\n<p align=\"justify\">Ore 20.30 Chiusura in festa con la musica partecipata di Sonheros &#8211; Musica callejera(a cura di <i>Rinaldo Pinna<\/i>).<\/p>\n<p align=\"justify\"><i><b>Altre informazioni<\/b><\/i><\/p>\n<p align=\"justify\">Durante il Festival verr\u00e0 realizzata un\u2019installazione artistica a tema Agroecologia con la partecipazione del pubblico (a cura di <i>Silvia Piras<\/i>)<\/p>\n<p align=\"justify\">\u00c8 previsto un laboratorio per i pi\u00f9 piccini a cura della cooperativa <span style=\"color: #000000;\"><i>Killia<\/i><\/span><span style=\"color: #000000;\">.<\/span><\/p>\n<p>Per tutta la durata del Festival sar\u00e0 attivo, inoltre, il laboratorio di cucito creativo e di riciclo <i>Sa B\u00e8rtula <\/i>Lab di Mesa Noa , nonch\u00e9 un punto di scambio e dono di abiti e oggetti<\/p>\n<\/div>\n<div class=\"x11i5rnm xat24cr x1mh8g0r x1vvkbs xtlvy1s x126k92a\">\n<div dir=\"auto\">\n<div class=\"x11i5rnm xat24cr x1mh8g0r x1vvkbs xtlvy1s x126k92a\">\n<div dir=\"auto\">Per conoscere meglio il progetto <span class=\"html-span xexx8yu x4uap5 x18d9i69 xkhd6sd x1hl2dhg x16tdsg8 x1vvkbs x3nfvp2 x1j61x8r x1fcty0u xdj266r xat24cr xgzva0m xhhsvwb xxymvpz xlup9mm x1kky2od\"><img decoding=\"async\" class=\"xz74otr lazyload\" data-src=\"https:\/\/static.xx.fbcdn.net\/images\/emoji.php\/v9\/t9e\/1\/16\/27a1.png\" alt=\"\u27a1\ufe0f\" width=\"16\" height=\"16\" src=\"data:image\/svg+xml;base64,PHN2ZyB3aWR0aD0iMSIgaGVpZ2h0PSIxIiB4bWxucz0iaHR0cDovL3d3dy53My5vcmcvMjAwMC9zdmciPjwvc3ZnPg==\" style=\"--smush-placeholder-width: 16px; --smush-placeholder-aspect-ratio: 16\/16;\" \/><\/span> @<span class=\"html-span xdj266r x11i5rnm xat24cr x1mh8g0r xexx8yu x4uap5 x18d9i69 xkhd6sd x1hl2dhg x16tdsg8 x1vvkbs\"><a class=\"x1i10hfl xjbqb8w x1ejq31n xd10rxx x1sy0etr x17r0tee x972fbf xcfux6l x1qhh985 xm0m39n x9f619 x1ypdohk xt0psk2 xe8uvvx xdj266r x11i5rnm xat24cr x1mh8g0r xexx8yu x4uap5 x18d9i69 xkhd6sd x16tdsg8 x1hl2dhg xggy1nq x1a2a7pz x1sur9pj xkrqix3 x1fey0fg xo1l8bm\" tabindex=\"0\" role=\"link\" href=\"https:\/\/azioneterrae.com\/progetto-challenge\/\"><span class=\"xt0psk2\">Azione Terrae &#8211; Challenge<\/span><\/a><\/span><\/div>\n<div dir=\"auto\">NATURALMENTE LOCALE \u00e8 un marchio di @<span class=\"html-span xdj266r x11i5rnm xat24cr x1mh8g0r xexx8yu x4uap5 x18d9i69 xkhd6sd x1hl2dhg x16tdsg8 x1vvkbs\"><a class=\"x1i10hfl xjbqb8w x1ejq31n xd10rxx x1sy0etr x17r0tee x972fbf xcfux6l x1qhh985 xm0m39n x9f619 x1ypdohk xt0psk2 xe8uvvx xdj266r x11i5rnm xat24cr x1mh8g0r xexx8yu x4uap5 x18d9i69 xkhd6sd x16tdsg8 x1hl2dhg xggy1nq x1a2a7pz x1sur9pj xkrqix3 x1fey0fg xo1l8bm\" tabindex=\"0\" role=\"link\" href=\"https:\/\/www.mesanoa.org\/\"><span class=\"xt0psk2\">Mesa Noa Food Coop Societ\u00e0 Cooperativa &#8211; Cagliari<\/span><\/a><\/span><\/div>\n<\/div>\n<div class=\"x11i5rnm xat24cr x1mh8g0r x1vvkbs xtlvy1s x126k92a\">\n<div dir=\"auto\"><\/div>\n<div dir=\"auto\">Il progetto CHAlleNGE \u00e8 cofinanziato dell\u2019<a href=\"https:\/\/www.aics.gov.it\/\" data-type=\"link\" data-id=\"https:\/\/www.aics.gov.it\/\">Agenzia Italiana per la Cooperazione allo Sviluppo<\/a>. WWOOF Italia \u00e8 tra i partner del progetto insieme a\u00a0<a href=\"https:\/\/deafal.org\/home-page\/\" data-type=\"link\" data-id=\"https:\/\/deafal.org\/home-page\/\">Deafal<\/a>,\u00a0<a href=\"https:\/\/www.acra.it\/\" data-type=\"link\" data-id=\"https:\/\/www.acra.it\/\">ACRA<\/a>,\u00a0<a href=\"https:\/\/www.reattiva.org\/\" data-type=\"link\" data-id=\"https:\/\/www.reattiva.org\/\">Reattiva<\/a>,\u00a0<a href=\"https:\/\/www.manitese.it\/\" data-type=\"link\" data-id=\"https:\/\/www.manitese.it\/\">Mani Tese<\/a>,\u00a0<a href=\"https:\/\/www.openimpact.it\/chi-siamo\/\" data-type=\"link\" data-id=\"https:\/\/www.openimpact.it\/chi-siamo\/\">Open Impact<\/a>,\u00a0<a href=\"https:\/\/www.terranuova.org\/\" data-type=\"link\" data-id=\"https:\/\/www.terranuova.org\/\">Terra Nuova<\/a>, e<a href=\"https:\/\/altreconomia.it\/\" data-type=\"link\" data-id=\"https:\/\/altreconomia.it\/\">\u00a0Altraeconomia<\/a>.<\/div>\n<div dir=\"auto\">MEDIA PARTNER di <span class=\"html-span xdj266r x11i5rnm xat24cr x1mh8g0r xexx8yu x4uap5 x18d9i69 xkhd6sd x1hl2dhg x16tdsg8 x1vvkbs\"><a class=\"x1i10hfl xjbqb8w x1ejq31n xd10rxx x1sy0etr x17r0tee x972fbf xcfux6l x1qhh985 xm0m39n x9f619 x1ypdohk xt0psk2 xe8uvvx xdj266r x11i5rnm xat24cr x1mh8g0r xexx8yu x4uap5 x18d9i69 xkhd6sd x16tdsg8 x1hl2dhg xggy1nq x1a2a7pz x1sur9pj xkrqix3 x1fey0fg xo1l8bm\" tabindex=\"0\" role=\"link\" href=\"https:\/\/www.facebook.com\/events\/8571948462831836\/?__cft__[0]=AZWbIgpk1WUVg9Vfp9MuybyDPvgFwbNgkOuYg0y1WUoOg4DlF4SiHz4CiLdikKWinoPF3QCO_SRAJcbDVxGjQZplOb8HrNxXd8nBcl1rGDf7NBa02QW3mL-kAzUUgwb-z9fpH-ko8uKdvHTyqcbr_JbhA9eD7f8fGg88hcWIbpqLTw&amp;__tn__=-UK-R\"><span class=\"xt0psk2\">Challenge &#8211; Naturalmente Locale <\/span><\/a><\/span> \u00e8 <span class=\"html-span xdj266r x11i5rnm xat24cr x1mh8g0r xexx8yu x4uap5 x18d9i69 xkhd6sd x1hl2dhg x16tdsg8 x1vvkbs\"><a class=\"x1i10hfl xjbqb8w x1ejq31n xd10rxx x1sy0etr x17r0tee x972fbf xcfux6l x1qhh985 xm0m39n x9f619 x1ypdohk xt0psk2 xe8uvvx xdj266r x11i5rnm xat24cr x1mh8g0r xexx8yu x4uap5 x18d9i69 xkhd6sd x16tdsg8 x1hl2dhg xggy1nq x1a2a7pz x1sur9pj xkrqix3 x1fey0fg xo1l8bm\" tabindex=\"0\" role=\"link\" href=\"https:\/\/www.italiachecambia.org\/\"><span class=\"xt0psk2\">Italia Che Cambia<\/span><\/a><\/span><\/div>\n<\/div>\n<\/div>\n<\/div>\n","protected":false},"excerpt":{"rendered":"<p>Festival Challenge\/Naturalmente Locale Parco della Ex-Vetreria (Pirri) 22-23 giugno 2024 Programma Sabato 22 giugno Mattino Ore 9.30 Inaugurazione evento e apertura al pubblico del Padiglione con stand di prodotti locali alimentari e artigianali (saluti, introduzione evento). Ore 10.00 &#8211; 11.15 Economia Circolare, soluzioni circolari: esperienze virtuose in Sardegna contro lo spreco alimentare Dialogano Isabella Ligia, [&hellip;]<\/p>\n","protected":false},"author":4,"featured_media":19036,"comment_status":"closed","ping_status":"closed","template":"","tags":[],"mec_category":[4537,1424,1382],"class_list":["post-19038","mec-events","type-mec-events","status-publish","has-post-thumbnail","hentry","mec_category-challenge","mec_category-dalle-nostre-reti","mec_category-iniziative"],"_links":{"self":[{"href":"https:\/\/org.wwoof.it\/it\/wp-json\/wp\/v2\/mec-events\/19038","targetHints":{"allow":["GET"]}}],"collection":[{"href":"https:\/\/org.wwoof.it\/it\/wp-json\/wp\/v2\/mec-events"}],"about":[{"href":"https:\/\/org.wwoof.it\/it\/wp-json\/wp\/v2\/types\/mec-events"}],"author":[{"embeddable":true,"href":"https:\/\/org.wwoof.it\/it\/wp-json\/wp\/v2\/users\/4"}],"replies":[{"embeddable":true,"href":"https:\/\/org.wwoof.it\/it\/wp-json\/wp\/v2\/comments?post=19038"}],"wp:featuredmedia":[{"embeddable":true,"href":"https:\/\/org.wwoof.it\/it\/wp-json\/wp\/v2\/media\/19036"}],"wp:attachment":[{"href":"https:\/\/org.wwoof.it\/it\/wp-json\/wp\/v2\/media?parent=19038"}],"wp:term":[{"taxonomy":"post_tag","embeddable":true,"href":"https:\/\/org.wwoof.it\/it\/wp-json\/wp\/v2\/tags?post=19038"},{"taxonomy":"mec_category","embeddable":true,"href":"https:\/\/org.wwoof.it\/it\/wp-json\/wp\/v2\/mec_category?post=19038"}],"curies":[{"name":"wp","href":"https:\/\/api.w.org\/{rel}","templated":true}]}}